{"id":4434,"date":"2024-10-17T14:52:24","date_gmt":"2024-10-17T12:52:24","guid":{"rendered":"https:\/\/unsa-ferroviaire-rhone-alpes.org\/?page_id=4434"},"modified":"2026-04-16T14:32:03","modified_gmt":"2026-04-16T12:32:03","slug":"egalite-hommes-femmes","status":"publish","type":"page","link":"https:\/\/unsa-ferroviaire-rhone-alpes.org\/index.php\/nos-engagements\/egalite-hommes-femmes\/","title":{"rendered":"Egalit\u00e9 femmes &#8211; hommes"},"content":{"rendered":"\n<h1 class=\"wp-block-heading has-text-align-center h2-title-page engagement-title has-text-color has-link-color has-larger-font-size wp-elements-30e3bf3955c3bfed692f49d17b16a922\" style=\"color:#1d70b7\"><strong>NOS ENGAGEMENTS<\/strong><\/h1>\n\n\n\n<div class=\"wp-block-columns alignwide summary-engagement-page is-layout-flex wp-container-core-columns-is-layout-9d6595d7 wp-block-columns-is-layout-flex\">\n<div class=\"wp-block-column is-vertically-aligned-top is-layout-flow wp-block-column-is-layout-flow\" style=\"flex-basis:25%\">\n<figure class=\"wp-block-image size-medium is-resized on-hover-scale-img-logo on-hover-scale-img-logo-active is-style-default\"><img loading=\"lazy\" decoding=\"async\" width=\"300\" height=\"300\" src=\"https:\/\/unsa-ferroviaire-rhone-alpes.org\/wp-content\/uploads\/2024\/09\/Logo-egalite-Homme-Femme-300x300.png\" alt=\"\" class=\"wp-image-4047\" style=\"object-fit:contain;width:240px;height:240px\" srcset=\"https:\/\/unsa-ferroviaire-rhone-alpes.org\/wp-content\/uploads\/2024\/09\/Logo-egalite-Homme-Femme-300x300.png 300w, https:\/\/unsa-ferroviaire-rhone-alpes.org\/wp-content\/uploads\/2024\/09\/Logo-egalite-Homme-Femme-1024x1024.png 1024w, https:\/\/unsa-ferroviaire-rhone-alpes.org\/wp-content\/uploads\/2024\/09\/Logo-egalite-Homme-Femme-150x150.png 150w, https:\/\/unsa-ferroviaire-rhone-alpes.org\/wp-content\/uploads\/2024\/09\/Logo-egalite-Homme-Femme-768x768.png 768w, https:\/\/unsa-ferroviaire-rhone-alpes.org\/wp-content\/uploads\/2024\/09\/Logo-egalite-Homme-Femme-320x320.png 320w, https:\/\/unsa-ferroviaire-rhone-alpes.org\/wp-content\/uploads\/2024\/09\/Logo-egalite-Homme-Femme-480x480.png 480w, https:\/\/unsa-ferroviaire-rhone-alpes.org\/wp-content\/uploads\/2024\/09\/Logo-egalite-Homme-Femme-800x800.png 800w, https:\/\/unsa-ferroviaire-rhone-alpes.org\/wp-content\/uploads\/2024\/09\/Logo-egalite-Homme-Femme-1200x1200.png 1200w, https:\/\/unsa-ferroviaire-rhone-alpes.org\/wp-content\/uploads\/2024\/09\/Logo-egalite-Homme-Femme-600x600.png 600w, https:\/\/unsa-ferroviaire-rhone-alpes.org\/wp-content\/uploads\/2024\/09\/Logo-egalite-Homme-Femme.png 1482w\" sizes=\"auto, (max-width: 300px) 100vw, 300px\" \/><\/figure>\n<\/div>\n\n\n\n<div class=\"wp-block-column engagement-thumbnails is-layout-flow wp-block-column-is-layout-flow\" style=\"flex-basis:75%\">\n<div class=\"wp-block-group alignfull engagement-thumbnails-empilement is-vertical is-layout-flex wp-container-core-group-is-layout-68afab4e wp-block-group-is-layout-flex\">\n<div class=\"wp-block-columns is-not-stacked-on-mobile engagement-thumbnails-columns is-layout-flex wp-container-core-columns-is-layout-9d6595d7 wp-block-columns-is-layout-flex\">\n<div class=\"wp-block-column is-layout-flow wp-block-column-is-layout-flow\">\n<figure class=\"wp-block-image size-thumbnail on-hover-scale-img-logo\"><a href=\"https:\/\/unsa-ferroviaire-rhone-alpes.org\/index.php\/defense-de-tous-les-salaries\/\"><img loading=\"lazy\" decoding=\"async\" width=\"150\" height=\"150\" src=\"https:\/\/unsa-ferroviaire-rhone-alpes.org\/wp-content\/uploads\/2024\/09\/Logo-defense-des-salaries-150x150.png\" alt=\"\" class=\"wp-image-4046\" style=\"object-fit:contain\" srcset=\"https:\/\/unsa-ferroviaire-rhone-alpes.org\/wp-content\/uploads\/2024\/09\/Logo-defense-des-salaries-150x150.png 150w, https:\/\/unsa-ferroviaire-rhone-alpes.org\/wp-content\/uploads\/2024\/09\/Logo-defense-des-salaries-300x300.png 300w, https:\/\/unsa-ferroviaire-rhone-alpes.org\/wp-content\/uploads\/2024\/09\/Logo-defense-des-salaries-1024x1024.png 1024w, https:\/\/unsa-ferroviaire-rhone-alpes.org\/wp-content\/uploads\/2024\/09\/Logo-defense-des-salaries-768x768.png 768w, https:\/\/unsa-ferroviaire-rhone-alpes.org\/wp-content\/uploads\/2024\/09\/Logo-defense-des-salaries-320x320.png 320w, https:\/\/unsa-ferroviaire-rhone-alpes.org\/wp-content\/uploads\/2024\/09\/Logo-defense-des-salaries-480x480.png 480w, https:\/\/unsa-ferroviaire-rhone-alpes.org\/wp-content\/uploads\/2024\/09\/Logo-defense-des-salaries-800x800.png 800w, https:\/\/unsa-ferroviaire-rhone-alpes.org\/wp-content\/uploads\/2024\/09\/Logo-defense-des-salaries-1200x1200.png 1200w, https:\/\/unsa-ferroviaire-rhone-alpes.org\/wp-content\/uploads\/2024\/09\/Logo-defense-des-salaries-600x600.png 600w, https:\/\/unsa-ferroviaire-rhone-alpes.org\/wp-content\/uploads\/2024\/09\/Logo-defense-des-salaries.png 1482w\" sizes=\"auto, (max-width: 150px) 100vw, 150px\" \/><\/a><\/figure>\n<\/div>\n\n\n\n<div class=\"wp-block-column is-layout-flow wp-block-column-is-layout-flow\">\n<figure class=\"wp-block-image size-thumbnail on-hover-scale-img-logo\"><a href=\"https:\/\/unsa-ferroviaire-rhone-alpes.org\/index.php\/nos-engagements\/lutte-contre-les-harcelements-sexistes-sexuels-et-morales\/\"><img loading=\"lazy\" decoding=\"async\" width=\"150\" height=\"150\" src=\"https:\/\/unsa-ferroviaire-rhone-alpes.org\/wp-content\/uploads\/2025\/04\/Logo-Sexisme-harcelement-Sexuel-150x150.png\" alt=\"\" class=\"wp-image-7468\" style=\"object-fit:contain\" srcset=\"https:\/\/unsa-ferroviaire-rhone-alpes.org\/wp-content\/uploads\/2025\/04\/Logo-Sexisme-harcelement-Sexuel-150x150.png 150w, https:\/\/unsa-ferroviaire-rhone-alpes.org\/wp-content\/uploads\/2025\/04\/Logo-Sexisme-harcelement-Sexuel-300x300.png 300w, https:\/\/unsa-ferroviaire-rhone-alpes.org\/wp-content\/uploads\/2025\/04\/Logo-Sexisme-harcelement-Sexuel-1024x1024.png 1024w, https:\/\/unsa-ferroviaire-rhone-alpes.org\/wp-content\/uploads\/2025\/04\/Logo-Sexisme-harcelement-Sexuel-768x768.png 768w, https:\/\/unsa-ferroviaire-rhone-alpes.org\/wp-content\/uploads\/2025\/04\/Logo-Sexisme-harcelement-Sexuel-320x320.png 320w, https:\/\/unsa-ferroviaire-rhone-alpes.org\/wp-content\/uploads\/2025\/04\/Logo-Sexisme-harcelement-Sexuel-480x480.png 480w, https:\/\/unsa-ferroviaire-rhone-alpes.org\/wp-content\/uploads\/2025\/04\/Logo-Sexisme-harcelement-Sexuel-800x800.png 800w, https:\/\/unsa-ferroviaire-rhone-alpes.org\/wp-content\/uploads\/2025\/04\/Logo-Sexisme-harcelement-Sexuel-1200x1200.png 1200w, https:\/\/unsa-ferroviaire-rhone-alpes.org\/wp-content\/uploads\/2025\/04\/Logo-Sexisme-harcelement-Sexuel-600x600.png 600w, https:\/\/unsa-ferroviaire-rhone-alpes.org\/wp-content\/uploads\/2025\/04\/Logo-Sexisme-harcelement-Sexuel.png 1482w\" sizes=\"auto, (max-width: 150px) 100vw, 150px\" \/><\/a><\/figure>\n<\/div>\n\n\n\n<div class=\"wp-block-column is-layout-flow wp-block-column-is-layout-flow\">\n<figure class=\"wp-block-image size-thumbnail on-hover-scale-img-logo\"><a href=\"https:\/\/unsa-ferroviaire-rhone-alpes.org\/index.php\/lutte-contre-les-discriminations\/\"><img loading=\"lazy\" decoding=\"async\" width=\"150\" height=\"150\" src=\"https:\/\/unsa-ferroviaire-rhone-alpes.org\/wp-content\/uploads\/2024\/09\/Logo-Discrimination-150x150.png\" alt=\"\" class=\"wp-image-4108\" srcset=\"https:\/\/unsa-ferroviaire-rhone-alpes.org\/wp-content\/uploads\/2024\/09\/Logo-Discrimination-150x150.png 150w, https:\/\/unsa-ferroviaire-rhone-alpes.org\/wp-content\/uploads\/2024\/09\/Logo-Discrimination-300x300.png 300w, https:\/\/unsa-ferroviaire-rhone-alpes.org\/wp-content\/uploads\/2024\/09\/Logo-Discrimination-1024x1024.png 1024w, https:\/\/unsa-ferroviaire-rhone-alpes.org\/wp-content\/uploads\/2024\/09\/Logo-Discrimination-768x768.png 768w, https:\/\/unsa-ferroviaire-rhone-alpes.org\/wp-content\/uploads\/2024\/09\/Logo-Discrimination-320x320.png 320w, https:\/\/unsa-ferroviaire-rhone-alpes.org\/wp-content\/uploads\/2024\/09\/Logo-Discrimination-480x480.png 480w, https:\/\/unsa-ferroviaire-rhone-alpes.org\/wp-content\/uploads\/2024\/09\/Logo-Discrimination-800x800.png 800w, https:\/\/unsa-ferroviaire-rhone-alpes.org\/wp-content\/uploads\/2024\/09\/Logo-Discrimination-1200x1200.png 1200w, https:\/\/unsa-ferroviaire-rhone-alpes.org\/wp-content\/uploads\/2024\/09\/Logo-Discrimination-600x600.png 600w, https:\/\/unsa-ferroviaire-rhone-alpes.org\/wp-content\/uploads\/2024\/09\/Logo-Discrimination.png 1482w\" sizes=\"auto, (max-width: 150px) 100vw, 150px\" \/><\/a><\/figure>\n<\/div>\n\n\n\n<div class=\"wp-block-column is-layout-flow wp-block-column-is-layout-flow\">\n<figure class=\"wp-block-image size-thumbnail on-hover-scale-img-logo\"><a href=\"https:\/\/unsa-ferroviaire-rhone-alpes.org\/index.php\/personnes-en-situation-de-handicap\/\"><img loading=\"lazy\" decoding=\"async\" width=\"150\" height=\"150\" src=\"https:\/\/unsa-ferroviaire-rhone-alpes.org\/wp-content\/uploads\/2024\/09\/Logo-Handicap-150x150.png\" alt=\"\" class=\"wp-image-4096\" srcset=\"https:\/\/unsa-ferroviaire-rhone-alpes.org\/wp-content\/uploads\/2024\/09\/Logo-Handicap-150x150.png 150w, https:\/\/unsa-ferroviaire-rhone-alpes.org\/wp-content\/uploads\/2024\/09\/Logo-Handicap-300x300.png 300w, https:\/\/unsa-ferroviaire-rhone-alpes.org\/wp-content\/uploads\/2024\/09\/Logo-Handicap-1024x1024.png 1024w, https:\/\/unsa-ferroviaire-rhone-alpes.org\/wp-content\/uploads\/2024\/09\/Logo-Handicap-768x768.png 768w, https:\/\/unsa-ferroviaire-rhone-alpes.org\/wp-content\/uploads\/2024\/09\/Logo-Handicap-320x320.png 320w, https:\/\/unsa-ferroviaire-rhone-alpes.org\/wp-content\/uploads\/2024\/09\/Logo-Handicap-480x480.png 480w, https:\/\/unsa-ferroviaire-rhone-alpes.org\/wp-content\/uploads\/2024\/09\/Logo-Handicap-800x800.png 800w, https:\/\/unsa-ferroviaire-rhone-alpes.org\/wp-content\/uploads\/2024\/09\/Logo-Handicap-1200x1200.png 1200w, https:\/\/unsa-ferroviaire-rhone-alpes.org\/wp-content\/uploads\/2024\/09\/Logo-Handicap-600x600.png 600w, https:\/\/unsa-ferroviaire-rhone-alpes.org\/wp-content\/uploads\/2024\/09\/Logo-Handicap.png 1482w\" sizes=\"auto, (max-width: 150px) 100vw, 150px\" \/><\/a><\/figure>\n<\/div>\n\n\n\n<div class=\"wp-block-column is-layout-flow wp-block-column-is-layout-flow\">\n<figure class=\"wp-block-image size-thumbnail on-hover-scale-img-logo\"><a href=\"https:\/\/unsa-ferroviaire-rhone-alpes.org\/index.php\/lutte-contre-lhomophobie-et-la-transphobie\/\"><img loading=\"lazy\" decoding=\"async\" width=\"150\" height=\"150\" src=\"https:\/\/unsa-ferroviaire-rhone-alpes.org\/wp-content\/uploads\/2024\/09\/Logo-LGBT-150x150.png\" alt=\"\" class=\"wp-image-4058\" srcset=\"https:\/\/unsa-ferroviaire-rhone-alpes.org\/wp-content\/uploads\/2024\/09\/Logo-LGBT-150x150.png 150w, https:\/\/unsa-ferroviaire-rhone-alpes.org\/wp-content\/uploads\/2024\/09\/Logo-LGBT-300x300.png 300w, https:\/\/unsa-ferroviaire-rhone-alpes.org\/wp-content\/uploads\/2024\/09\/Logo-LGBT-1024x1024.png 1024w, https:\/\/unsa-ferroviaire-rhone-alpes.org\/wp-content\/uploads\/2024\/09\/Logo-LGBT-768x768.png 768w, https:\/\/unsa-ferroviaire-rhone-alpes.org\/wp-content\/uploads\/2024\/09\/Logo-LGBT-320x320.png 320w, https:\/\/unsa-ferroviaire-rhone-alpes.org\/wp-content\/uploads\/2024\/09\/Logo-LGBT-480x480.png 480w, https:\/\/unsa-ferroviaire-rhone-alpes.org\/wp-content\/uploads\/2024\/09\/Logo-LGBT-800x800.png 800w, https:\/\/unsa-ferroviaire-rhone-alpes.org\/wp-content\/uploads\/2024\/09\/Logo-LGBT-1200x1200.png 1200w, https:\/\/unsa-ferroviaire-rhone-alpes.org\/wp-content\/uploads\/2024\/09\/Logo-LGBT-600x600.png 600w, https:\/\/unsa-ferroviaire-rhone-alpes.org\/wp-content\/uploads\/2024\/09\/Logo-LGBT.png 1482w\" sizes=\"auto, (max-width: 150px) 100vw, 150px\" \/><\/a><\/figure>\n<\/div>\n\n\n\n<div class=\"wp-block-column is-layout-flow wp-block-column-is-layout-flow\">\n<figure class=\"wp-block-image size-thumbnail on-hover-scale-img-logo\"><a href=\"https:\/\/unsa-ferroviaire-rhone-alpes.org\/index.php\/impressions-en-noir-et-blanc\/\"><img loading=\"lazy\" decoding=\"async\" width=\"150\" height=\"150\" src=\"https:\/\/unsa-ferroviaire-rhone-alpes.org\/wp-content\/uploads\/2024\/10\/Logo-UNSA-Ecologie-bleu-150x150.png\" alt=\"\" class=\"wp-image-4281\"\/><\/a><\/figure>\n<\/div>\n<\/div>\n\n\n\n<div class=\"home-section-title\">\n\n  <h4>Egalit\u00e9 femmes &#8211; hommes<\/h4>\n\n  <div class=\"hr\"><\/div>\n\n<\/div>\n<\/div>\n<\/div>\n<\/div>\n\n\n\n<figure class=\"wp-block-image alignwide size-large\"><img loading=\"lazy\" decoding=\"async\" width=\"1024\" height=\"683\" src=\"https:\/\/unsa-ferroviaire-rhone-alpes.org\/wp-content\/uploads\/2026\/03\/Egalite-femmes-hommes-2-1024x683.png\" alt=\"\" class=\"wp-image-10700\" srcset=\"https:\/\/unsa-ferroviaire-rhone-alpes.org\/wp-content\/uploads\/2026\/03\/Egalite-femmes-hommes-2-1024x683.png 1024w, https:\/\/unsa-ferroviaire-rhone-alpes.org\/wp-content\/uploads\/2026\/03\/Egalite-femmes-hommes-2-300x200.png 300w, https:\/\/unsa-ferroviaire-rhone-alpes.org\/wp-content\/uploads\/2026\/03\/Egalite-femmes-hommes-2-768x512.png 768w, https:\/\/unsa-ferroviaire-rhone-alpes.org\/wp-content\/uploads\/2026\/03\/Egalite-femmes-hommes-2-320x213.png 320w, https:\/\/unsa-ferroviaire-rhone-alpes.org\/wp-content\/uploads\/2026\/03\/Egalite-femmes-hommes-2-480x320.png 480w, https:\/\/unsa-ferroviaire-rhone-alpes.org\/wp-content\/uploads\/2026\/03\/Egalite-femmes-hommes-2-800x533.png 800w, https:\/\/unsa-ferroviaire-rhone-alpes.org\/wp-content\/uploads\/2026\/03\/Egalite-femmes-hommes-2-1200x800.png 1200w, https:\/\/unsa-ferroviaire-rhone-alpes.org\/wp-content\/uploads\/2026\/03\/Egalite-femmes-hommes-2-600x400.png 600w, https:\/\/unsa-ferroviaire-rhone-alpes.org\/wp-content\/uploads\/2026\/03\/Egalite-femmes-hommes-2.png 1536w\" sizes=\"auto, (max-width: 1024px) 100vw, 1024px\" \/><\/figure>\n\n\n\n<p class=\"alignwide chapo-engagement has-large-font-size\"><strong>L\u2019\u00e9galit\u00e9 professionnelle entre les femmes et les hommes est \u00e0 la fois un droit fondamental, inscrit dans la loi, et un enjeu majeur de soci\u00e9t\u00e9. Elle est aussi un facteur de performance et de coh\u00e9sion pour les entreprises. Malgr\u00e9 de nombreux textes juridiques et politiques publiques ambitieuses, des \u00e9carts persistent encore aujourd\u2019hui. \u00c0 la SNCF, l\u2019\u00e9galit\u00e9 professionnelle fait l\u2019objet d\u2019accords sp\u00e9cifiques et de mobilisations syndicales continues. Cette page a pour objectif de rappeler le cadre l\u00e9gal, d\u2019exposer la situation dans l\u2019entreprise, d\u2019analyser les difficult\u00e9s et de mettre en lumi\u00e8re le r\u00f4le de l\u2019UNSA Ferroviaire.<\/strong><\/p>\n\n\n\n<div class=\"wp-block-columns alignwide is-not-stacked-on-mobile engagement-title-block is-layout-flex wp-container-core-columns-is-layout-9d6595d7 wp-block-columns-is-layout-flex\">\n<div class=\"wp-block-column engagement-title-number is-layout-flow wp-block-column-is-layout-flow\">\n<h3 class=\"wp-block-heading has-text-color has-link-color wp-elements-393c830af22dd27ed1a04be0ae81e0a7\" style=\"color:#1d70b7\"><strong># 1<\/strong><\/h3>\n<\/div>\n\n\n\n<div class=\"wp-block-column engagement-title-text is-layout-flow wp-block-column-is-layout-flow\" style=\"flex-basis:100%\">\n<h3 class=\"wp-block-heading engagement-title-text\">Ce que dit la loi<\/h3>\n<\/div>\n<\/div>\n\n\n\n<div class=\"wp-block-group alignwide engagement-empilement is-vertical is-content-justification-stretch is-layout-flex wp-container-core-group-is-layout-b16ad781 wp-block-group-is-layout-flex\">\n<p>Depuis plus de quarante ans, la France a construit un arsenal l\u00e9gislatif destin\u00e9 \u00e0 garantir l\u2019\u00e9galit\u00e9 professionnelle entre les femmes et les hommes. Ces lois sont compl\u00e9t\u00e9es par le Code du travail, ainsi que par des directives europ\u00e9ennes. Voici un panorama des textes essentiels.<\/p>\n<\/div>\n\n\n\n<div class=\"wp-block-columns alignwide is-not-stacked-on-mobile engagement-title-block is-layout-flex wp-container-core-columns-is-layout-9d6595d7 wp-block-columns-is-layout-flex\">\n<div class=\"wp-block-column engagement-title-number is-layout-flow wp-block-column-is-layout-flow\">\n<h3 class=\"wp-block-heading has-text-color has-link-color wp-elements-935b0bf8364c96b831ee54dd20c778e1\" style=\"color:#1d70b7\"><strong># 2<\/strong><\/h3>\n<\/div>\n\n\n\n<div class=\"wp-block-column engagement-title-text is-layout-flow wp-block-column-is-layout-flow\" style=\"flex-basis:100%\">\n<h3 class=\"wp-block-heading engagement-title-text\">Le cadre l\u00e9gal g\u00e9n\u00e9ral (France et Europe)<\/h3>\n<\/div>\n<\/div>\n\n\n\n<div class=\"wp-block-group alignwide engagement-empilement is-vertical is-content-justification-stretch is-layout-flex wp-container-core-group-is-layout-b16ad781 wp-block-group-is-layout-flex\">\n<p>Depuis plus de quarante ans, la France a construit un arsenal l\u00e9gislatif destin\u00e9 \u00e0 garantir l\u2019\u00e9galit\u00e9 professionnelle entre les femmes et les hommes. Ces lois sont compl\u00e9t\u00e9es par le Code du travail, ainsi que par des directives europ\u00e9ennes. Voici un panorama des textes essentiels.<\/p>\n\n\n\n<p class=\"has-primary-color has-text-color has-link-color wp-elements-64ba694a978c9504ca25109eda1858ff\">\u2022 <a href=\"https:\/\/www.legifrance.gouv.fr\/loda\/id\/JORFTEXT000000504474\/\">Loi Roudy (n\u00b0 83-635 du 13 juillet 1983<\/a><a href=\"https:\/\/www.rhone.gouv.fr\/index.php\/Actions-de-l-Etat\/Droit-des-femmes-et-egalite\/Egalite-professionnelle\/Fondements-juridiques\">)<\/a> : Cette loi constitue la premi\u00e8re grande \u00e9tape vers une \u00e9galit\u00e9 professionnelle structur\u00e9e. Elle a pos\u00e9 le principe de l\u2019\u00e9galit\u00e9 salariale et introduit l\u2019obligation pour les entreprises de r\u00e9aliser des actions positives en faveur des femmes. Elle impose \u00e9galement aux employeurs de produire un rapport sur la situation compar\u00e9e des femmes et des hommes dans l\u2019entreprise. Malgr\u00e9 son ambition, son application fut in\u00e9gale.<\/p>\n\n\n\n<p class=\"has-primary-color has-text-color has-link-color wp-elements-845deca9851b23c87bd8941dc827ec3f\">\u2022 <a href=\"https:\/\/www.legifrance.gouv.fr\/loda\/id\/JORFTEXT000000756495\">Loi G\u00e9nisson (n\u00b0 2001-397 du 9 mai 2001)<\/a> : Elle a renforc\u00e9 l\u2019obligation de n\u00e9gocier chaque ann\u00e9e sur l\u2019\u00e9galit\u00e9 professionnelle et sur la r\u00e9duction des \u00e9carts de r\u00e9mun\u00e9ration. Elle oblige les entreprises \u00e0 mettre en place des indicateurs et plans d\u2019action sp\u00e9cifiques.<\/p>\n\n\n\n<p class=\"has-primary-color has-text-color has-link-color wp-elements-5d627c7870da001047b4fd8596a87047\">\u2022 <a href=\"https:\/\/www.legifrance.gouv.fr\/loda\/id\/JORFTEXT000000816849\">Loi du 23 mars 2006<\/a> : Cette loi a r\u00e9affirm\u00e9 le principe d\u2019\u00e9galit\u00e9 salariale et fix\u00e9 l\u2019objectif de suppression des \u00e9carts de r\u00e9mun\u00e9ration dans un d\u00e9lai de cinq ans. Un objectif ambitieux qui n\u2019a pas \u00e9t\u00e9 atteint, mais qui a contribu\u00e9 \u00e0 renforcer la mobilisation.<\/p>\n\n\n\n<p class=\"has-primary-color has-text-color has-link-color wp-elements-3b22f21da461292dfa9112d7ae07e86e\">\u2022 <a href=\"https:\/\/www.legifrance.gouv.fr\/loda\/id\/JORFTEXT000029330832\">Loi du 4 ao\u00fbt 2014<\/a> pour l\u2019\u00e9galit\u00e9 r\u00e9elle femmes-hommes : Cette loi a renforc\u00e9 les obligations des entreprises en mati\u00e8re d\u2019\u00e9galit\u00e9 salariale et de mixit\u00e9. Elle a \u00e9galement pr\u00e9vu de nouvelles sanctions en cas de manquement et mis en place des dispositifs pour mieux concilier vie personnelle et vie professionnelle.<\/p>\n\n\n\n<p class=\"has-primary-color has-text-color has-link-color wp-elements-40f2f255ab3af3cea27fdd29649d9737\">\u2022 <a href=\"https:\/\/www.legifrance.gouv.fr\/loda\/id\/JORFTEXT000037367660\/\">Loi du 5 septembre 2018<\/a> pour la libert\u00e9 de choisir son avenir professionnel : Cette loi a instaur\u00e9 l\u2019Index \u00e9galit\u00e9 professionnelle, outil obligatoire pour toutes les entreprises de plus de 50 salari\u00e9s. L\u2019Index est calcul\u00e9 sur 100 points et repose sur plusieurs crit\u00e8res : \u00e9carts de r\u00e9mun\u00e9ration, augmentation, promotions, cong\u00e9 maternit\u00e9 et acc\u00e8s aux hautes r\u00e9mun\u00e9rations. Les r\u00e9sultats doivent \u00eatre publi\u00e9s chaque ann\u00e9e et rendus publics.<\/p>\n\n\n\n<p class=\"has-primary-color has-text-color has-link-color wp-elements-f6c45a43ea64e0c9177dcda4d783a57d\">\u2022 <a href=\"https:\/\/www.legifrance.gouv.fr\/codes\/article_lc\/LEGIARTI000006900801\">Code du travail (articles L1142-1 \u00e0 L1142-10)<\/a> : Ces articles interdisent toute discrimination en mati\u00e8re d\u2019embauche, de r\u00e9mun\u00e9ration, de formation, de promotion et de licenciement fond\u00e9e sur le sexe ou la situation familiale. Ils pr\u00e9voient \u00e9galement des mesures de rattrapage pour corriger les \u00e9carts existants.<\/p>\n\n\n\n<p class=\"has-primary-color has-text-color has-link-color wp-elements-0c27f3f5532e4fa2efd884c62fbb18a1\">\u2022 <a href=\"https:\/\/www.legifrance.gouv.fr\/jorf\/id\/JORFTEXT000000334599\">Directive europ\u00e9enne 2006\/54\/CE<\/a> : Cette directive du Parlement europ\u00e9en et du Conseil vise \u00e0 appliquer le principe de l\u2019\u00e9galit\u00e9 de traitement entre les femmes et les hommes en mati\u00e8re d\u2019emploi et de travail. Elle impose aux \u00c9tats membres de mettre en place des dispositifs concrets pour lutter contre les discriminations.<\/p>\n\n\n\n<p class=\"has-primary-color has-text-color has-link-color wp-elements-4088f947f671c7c91a6f624ca2dc24a3\">\u2022 <a href=\"https:\/\/commission.europa.eu\/strategy-and-policy\/policies\/justice-and-fundamental-rights\/gender-equality\/gender-equality-strategy_fr\">Strat\u00e9gie europ\u00e9enne 2020-2025 pour l\u2019\u00e9galit\u00e9 entre les sexes<\/a> : Cette strat\u00e9gie fixe un objectif de r\u00e9duction des \u00e9carts de r\u00e9mun\u00e9ration de 10 % et de meilleure repr\u00e9sentation des femmes dans les postes de d\u00e9cision. Elle incite les \u00c9tats et les entreprises \u00e0 renforcer leurs politiques de diversit\u00e9.<\/p>\n\n\n\n<p>En d\u00e9pit de cet arsenal juridique, les in\u00e9galit\u00e9s persistent. Selon les donn\u00e9es du minist\u00e8re du Travail, les femmes per\u00e7oivent en moyenne 16 \u00e0 18 % de moins que les hommes \u00e0 poste \u00e9quivalent. Ces \u00e9carts rappellent l\u2019importance de la vigilance et du r\u00f4le des partenaires sociaux.<\/p>\n<\/div>\n\n\n\n<div class=\"wp-block-columns alignwide is-not-stacked-on-mobile engagement-title-block is-layout-flex wp-container-core-columns-is-layout-9d6595d7 wp-block-columns-is-layout-flex\">\n<div class=\"wp-block-column engagement-title-number is-layout-flow wp-block-column-is-layout-flow\">\n<h3 class=\"wp-block-heading has-text-color has-link-color wp-elements-c41fa751c193e685dabf5c51956e0bb0\" style=\"color:#1d70b7\"><strong># 3<\/strong><\/h3>\n<\/div>\n\n\n\n<div class=\"wp-block-column engagement-title-text is-layout-flow wp-block-column-is-layout-flow\" style=\"flex-basis:100%\">\n<h3 class=\"wp-block-heading engagement-title-text\">Rappel \u00e0 la loi et cons\u00e9quences en cas de non-respect<\/h3>\n<\/div>\n<\/div>\n\n\n\n<div class=\"wp-block-group alignwide engagement-empilement is-vertical is-content-justification-stretch is-layout-flex wp-container-core-group-is-layout-b16ad781 wp-block-group-is-layout-flex\">\n<p>\u00c0 la SNCF, des accords sur l\u2019\u00e9galit\u00e9 professionnelle ont \u00e9t\u00e9 conclus r\u00e9guli\u00e8rement depuis les ann\u00e9es 2000. La f\u00e9minisation des effectifs a progress\u00e9 mais demeure limit\u00e9e : environ 20 % de femmes dans l\u2019ensemble du groupe. La r\u00e9partition est tr\u00e8s contrast\u00e9e : les m\u00e9tiers administratifs et commerciaux comptent une majorit\u00e9 de femmes, alors que les m\u00e9tiers techniques (conduite, maintenance, infrastructure) restent majoritairement masculins. Des dispositifs sp\u00e9cifiques ont \u00e9t\u00e9 d\u00e9ploy\u00e9s : campagnes de communication, adaptation des \u00e9quipements, promotion de la mixit\u00e9 dans les recrutements.<\/p>\n<\/div>\n\n\n\n<div class=\"wp-block-columns alignwide is-not-stacked-on-mobile engagement-title-block is-layout-flex wp-container-core-columns-is-layout-9d6595d7 wp-block-columns-is-layout-flex\">\n<div class=\"wp-block-column engagement-title-number is-layout-flow wp-block-column-is-layout-flow\">\n<h3 class=\"wp-block-heading has-text-color has-link-color wp-elements-071165c45692c898cf72a6b969eed50f\" style=\"color:#1d70b7\"><strong># 4<\/strong><\/h3>\n<\/div>\n\n\n\n<div class=\"wp-block-column engagement-title-text is-layout-flow wp-block-column-is-layout-flow\" style=\"flex-basis:100%\">\n<h3 class=\"wp-block-heading engagement-title-text\">Les difficult\u00e9s sp\u00e9cifiques dans certains secteurs<\/h3>\n<\/div>\n<\/div>\n\n\n\n<div class=\"wp-block-group alignwide engagement-empilement is-vertical is-content-justification-stretch is-layout-flex wp-container-core-group-is-layout-b16ad781 wp-block-group-is-layout-flex\">\n<p>Malgr\u00e9 ces efforts, des difficult\u00e9s subsistent :<br>\u2022 Faible repr\u00e9sentation des femmes dans la conduite des trains et la maintenance ferroviaire.<br>\u2022 St\u00e9r\u00e9otypes de genre qui orientent encore les choix professionnels.<br>\u2022 \u00c9carts de r\u00e9mun\u00e9ration persistants, en particulier dans les m\u00e9tiers techniques et \u00e0 responsabilit\u00e9.<br>\u2022 Difficult\u00e9s d\u2019acc\u00e8s aux postes de direction et plafond de verre.<br>Ces constats soulignent que l\u2019\u00e9galit\u00e9 r\u00e9elle ne se d\u00e9cr\u00e8te pas uniquement par la loi, mais n\u00e9cessite une transformation culturelle.<\/p>\n<\/div>\n\n\n\n<div class=\"wp-block-columns alignwide is-not-stacked-on-mobile engagement-title-block is-layout-flex wp-container-core-columns-is-layout-9d6595d7 wp-block-columns-is-layout-flex\">\n<div class=\"wp-block-column engagement-title-number is-layout-flow wp-block-column-is-layout-flow\">\n<h3 class=\"wp-block-heading has-text-color has-link-color wp-elements-a116360693c4395f8107daa583884a9b\" style=\"color:#1d70b7\"><strong># 5<\/strong><\/h3>\n<\/div>\n\n\n\n<div class=\"wp-block-column engagement-title-text is-layout-flow wp-block-column-is-layout-flow\" style=\"flex-basis:100%\">\n<h3 class=\"wp-block-heading engagement-title-text\">Le r\u00f4le de l\u2019UNSA Ferroviaire<\/h3>\n<\/div>\n<\/div>\n\n\n\n<div class=\"wp-block-group alignwide engagement-empilement is-vertical is-content-justification-stretch is-layout-flex wp-container-core-group-is-layout-b16ad781 wp-block-group-is-layout-flex\">\n<p>L\u2019UNSA Ferroviaire s\u2019est toujours mobilis\u00e9e pour que les engagements pris par la SNCF se traduisent dans les faits. Nous avons particip\u00e9 \u00e0 la n\u00e9gociation des accords \u00e9galit\u00e9 professionnelle et nous suivons leur application dans les instances repr\u00e9sentatives. L\u2019UNSA Ferroviaire veille \u00e0 la transparence des indicateurs, alerte sur les \u00e9carts persistants et accompagne individuellement les salari\u00e9es. Au-del\u00e0 du r\u00f4le de vigilance, l\u2019UNSA cherche \u00e0 d\u00e9velopper une culture d\u2019entreprise inclusive et respectueuse, o\u00f9 les femmes ont toute leur place dans tous les m\u00e9tiers et \u00e0 tous les niveaux hi\u00e9rarchiques.<\/p>\n<\/div>\n","protected":false},"excerpt":{"rendered":"<p>NOS ENGAGEMENTS Egalit\u00e9 femmes &#8211; hommes L\u2019\u00e9galit\u00e9 professionnelle entre les femmes et les hommes est \u00e0 la fois un droit fondamental, inscrit dans la loi, et un enjeu majeur de soci\u00e9t\u00e9. Elle est aussi un facteur de performance et de coh\u00e9sion pour les entreprises. Malgr\u00e9 de nombreux textes juridiques et politiques publiques ambitieuses, des \u00e9carts [&hellip;]<\/p>\n","protected":false},"author":9,"featured_media":0,"parent":4003,"menu_order":0,"comment_status":"closed","ping_status":"closed","template":"","meta":{"two_page_speed":[],"footnotes":""},"class_list":["post-4434","page","type-page","status-publish","hentry"],"yoast_head":"<!-- This site is optimized with the Yoast SEO plugin v27.5 - https:\/\/yoast.com\/product\/yoast-seo-wordpress\/ -->\n<title>Egalit\u00e9 femmes - hommes - UNSA Ferroviaire Rh\u00f4ne Alpes<\/title>\n<meta name=\"robots\" content=\"index, follow, max-snippet:-1, max-image-preview:large, max-video-preview:-1\" \/>\n<link rel=\"canonical\" href=\"https:\/\/unsa-ferroviaire-rhone-alpes.org\/index.php\/nos-engagements\/egalite-hommes-femmes\/\" \/>\n<meta property=\"og:locale\" content=\"fr_FR\" \/>\n<meta property=\"og:type\" content=\"article\" \/>\n<meta property=\"og:title\" content=\"Egalit\u00e9 femmes - hommes - UNSA Ferroviaire Rh\u00f4ne Alpes\" \/>\n<meta property=\"og:description\" content=\"NOS ENGAGEMENTS Egalit\u00e9 femmes &#8211; hommes L\u2019\u00e9galit\u00e9 professionnelle entre les femmes et les hommes est \u00e0 la fois un droit fondamental, inscrit dans la loi, et un enjeu majeur de soci\u00e9t\u00e9. Elle est aussi un facteur de performance et de coh\u00e9sion pour les entreprises. Malgr\u00e9 de nombreux textes juridiques et politiques publiques ambitieuses, des \u00e9carts [&hellip;]\" \/>\n<meta property=\"og:url\" content=\"https:\/\/unsa-ferroviaire-rhone-alpes.org\/index.php\/nos-engagements\/egalite-hommes-femmes\/\" \/>\n<meta property=\"og:site_name\" content=\"UNSA Ferroviaire Rh\u00f4ne Alpes\" \/>\n<meta property=\"article:publisher\" content=\"https:\/\/www.facebook.com\/unsaferroviaireRA\/\" \/>\n<meta property=\"article:modified_time\" content=\"2026-04-16T12:32:03+00:00\" \/>\n<meta property=\"og:image\" content=\"https:\/\/unsa-ferroviaire-rhone-alpes.org\/wp-content\/uploads\/2024\/09\/Logo-egalite-Homme-Femme.png\" \/>\n\t<meta property=\"og:image:width\" content=\"1482\" \/>\n\t<meta property=\"og:image:height\" content=\"1482\" \/>\n\t<meta property=\"og:image:type\" content=\"image\/png\" \/>\n<meta name=\"twitter:card\" content=\"summary_large_image\" \/>\n<meta name=\"twitter:site\" content=\"@ra_unsaferro\" \/>\n<meta name=\"twitter:label1\" content=\"Dur\u00e9e de lecture estim\u00e9e\" \/>\n\t<meta name=\"twitter:data1\" content=\"7 minutes\" \/>\n<script type=\"application\/ld+json\" class=\"yoast-schema-graph\">{\"@context\":\"https:\\\/\\\/schema.org\",\"@graph\":[{\"@type\":\"WebPage\",\"@id\":\"https:\\\/\\\/unsa-ferroviaire-rhone-alpes.org\\\/index.php\\\/nos-engagements\\\/egalite-hommes-femmes\\\/\",\"url\":\"https:\\\/\\\/unsa-ferroviaire-rhone-alpes.org\\\/index.php\\\/nos-engagements\\\/egalite-hommes-femmes\\\/\",\"name\":\"Egalit\u00e9 femmes - hommes - UNSA Ferroviaire Rh\u00f4ne Alpes\",\"isPartOf\":{\"@id\":\"https:\\\/\\\/unsa-ferroviaire-rhone-alpes.org\\\/#website\"},\"primaryImageOfPage\":{\"@id\":\"https:\\\/\\\/unsa-ferroviaire-rhone-alpes.org\\\/index.php\\\/nos-engagements\\\/egalite-hommes-femmes\\\/#primaryimage\"},\"image\":{\"@id\":\"https:\\\/\\\/unsa-ferroviaire-rhone-alpes.org\\\/index.php\\\/nos-engagements\\\/egalite-hommes-femmes\\\/#primaryimage\"},\"thumbnailUrl\":\"https:\\\/\\\/unsa-ferroviaire-rhone-alpes.org\\\/wp-content\\\/uploads\\\/2024\\\/09\\\/Logo-egalite-Homme-Femme-300x300.png\",\"datePublished\":\"2024-10-17T12:52:24+00:00\",\"dateModified\":\"2026-04-16T12:32:03+00:00\",\"breadcrumb\":{\"@id\":\"https:\\\/\\\/unsa-ferroviaire-rhone-alpes.org\\\/index.php\\\/nos-engagements\\\/egalite-hommes-femmes\\\/#breadcrumb\"},\"inLanguage\":\"fr-FR\",\"potentialAction\":[{\"@type\":\"ReadAction\",\"target\":[\"https:\\\/\\\/unsa-ferroviaire-rhone-alpes.org\\\/index.php\\\/nos-engagements\\\/egalite-hommes-femmes\\\/\"]}]},{\"@type\":\"ImageObject\",\"inLanguage\":\"fr-FR\",\"@id\":\"https:\\\/\\\/unsa-ferroviaire-rhone-alpes.org\\\/index.php\\\/nos-engagements\\\/egalite-hommes-femmes\\\/#primaryimage\",\"url\":\"https:\\\/\\\/unsa-ferroviaire-rhone-alpes.org\\\/wp-content\\\/uploads\\\/2024\\\/09\\\/Logo-egalite-Homme-Femme.png\",\"contentUrl\":\"https:\\\/\\\/unsa-ferroviaire-rhone-alpes.org\\\/wp-content\\\/uploads\\\/2024\\\/09\\\/Logo-egalite-Homme-Femme.png\",\"width\":1482,\"height\":1482},{\"@type\":\"BreadcrumbList\",\"@id\":\"https:\\\/\\\/unsa-ferroviaire-rhone-alpes.org\\\/index.php\\\/nos-engagements\\\/egalite-hommes-femmes\\\/#breadcrumb\",\"itemListElement\":[{\"@type\":\"ListItem\",\"position\":1,\"name\":\"Accueil\",\"item\":\"https:\\\/\\\/unsa-ferroviaire-rhone-alpes.org\\\/\"},{\"@type\":\"ListItem\",\"position\":2,\"name\":\"Nos engagements\",\"item\":\"https:\\\/\\\/unsa-ferroviaire-rhone-alpes.org\\\/index.php\\\/nos-engagements\\\/\"},{\"@type\":\"ListItem\",\"position\":3,\"name\":\"Egalit\u00e9 femmes &#8211; hommes\"}]},{\"@type\":\"WebSite\",\"@id\":\"https:\\\/\\\/unsa-ferroviaire-rhone-alpes.org\\\/#website\",\"url\":\"https:\\\/\\\/unsa-ferroviaire-rhone-alpes.org\\\/\",\"name\":\"UNSA Ferroviaire Rh\u00f4ne Alpes\",\"description\":\"Le syndicat pour tous !\",\"publisher\":{\"@id\":\"https:\\\/\\\/unsa-ferroviaire-rhone-alpes.org\\\/#organization\"},\"potentialAction\":[{\"@type\":\"SearchAction\",\"target\":{\"@type\":\"EntryPoint\",\"urlTemplate\":\"https:\\\/\\\/unsa-ferroviaire-rhone-alpes.org\\\/?s={search_term_string}\"},\"query-input\":{\"@type\":\"PropertyValueSpecification\",\"valueRequired\":true,\"valueName\":\"search_term_string\"}}],\"inLanguage\":\"fr-FR\"},{\"@type\":\"Organization\",\"@id\":\"https:\\\/\\\/unsa-ferroviaire-rhone-alpes.org\\\/#organization\",\"name\":\"UNSA-Ferroviaire Rh\u00f4ne-Alpes\",\"url\":\"https:\\\/\\\/unsa-ferroviaire-rhone-alpes.org\\\/\",\"logo\":{\"@type\":\"ImageObject\",\"inLanguage\":\"fr-FR\",\"@id\":\"https:\\\/\\\/unsa-ferroviaire-rhone-alpes.org\\\/#\\\/schema\\\/logo\\\/image\\\/\",\"url\":\"https:\\\/\\\/i1.wp.com\\\/unsa-ferroviaire-rhone-alpes.org\\\/wp-content\\\/uploads\\\/2021\\\/06\\\/cropped-cropped-cropped-logo-unsa.png?fit=512%2C512&ssl=1\",\"contentUrl\":\"https:\\\/\\\/i1.wp.com\\\/unsa-ferroviaire-rhone-alpes.org\\\/wp-content\\\/uploads\\\/2021\\\/06\\\/cropped-cropped-cropped-logo-unsa.png?fit=512%2C512&ssl=1\",\"width\":512,\"height\":512,\"caption\":\"UNSA-Ferroviaire Rh\u00f4ne-Alpes\"},\"image\":{\"@id\":\"https:\\\/\\\/unsa-ferroviaire-rhone-alpes.org\\\/#\\\/schema\\\/logo\\\/image\\\/\"},\"sameAs\":[\"https:\\\/\\\/www.facebook.com\\\/unsaferroviaireRA\\\/\",\"https:\\\/\\\/x.com\\\/ra_unsaferro\"]}]}<\/script>\n<!-- \/ Yoast SEO plugin. -->","yoast_head_json":{"title":"Egalit\u00e9 femmes - hommes - UNSA Ferroviaire Rh\u00f4ne Alpes","robots":{"index":"index","follow":"follow","max-snippet":"max-snippet:-1","max-image-preview":"max-image-preview:large","max-video-preview":"max-video-preview:-1"},"canonical":"https:\/\/unsa-ferroviaire-rhone-alpes.org\/index.php\/nos-engagements\/egalite-hommes-femmes\/","og_locale":"fr_FR","og_type":"article","og_title":"Egalit\u00e9 femmes - hommes - UNSA Ferroviaire Rh\u00f4ne Alpes","og_description":"NOS ENGAGEMENTS Egalit\u00e9 femmes &#8211; hommes L\u2019\u00e9galit\u00e9 professionnelle entre les femmes et les hommes est \u00e0 la fois un droit fondamental, inscrit dans la loi, et un enjeu majeur de soci\u00e9t\u00e9. Elle est aussi un facteur de performance et de coh\u00e9sion pour les entreprises. Malgr\u00e9 de nombreux textes juridiques et politiques publiques ambitieuses, des \u00e9carts [&hellip;]","og_url":"https:\/\/unsa-ferroviaire-rhone-alpes.org\/index.php\/nos-engagements\/egalite-hommes-femmes\/","og_site_name":"UNSA Ferroviaire Rh\u00f4ne Alpes","article_publisher":"https:\/\/www.facebook.com\/unsaferroviaireRA\/","article_modified_time":"2026-04-16T12:32:03+00:00","og_image":[{"width":1482,"height":1482,"url":"https:\/\/unsa-ferroviaire-rhone-alpes.org\/wp-content\/uploads\/2024\/09\/Logo-egalite-Homme-Femme.png","type":"image\/png"}],"twitter_card":"summary_large_image","twitter_site":"@ra_unsaferro","twitter_misc":{"Dur\u00e9e de lecture estim\u00e9e":"7 minutes"},"schema":{"@context":"https:\/\/schema.org","@graph":[{"@type":"WebPage","@id":"https:\/\/unsa-ferroviaire-rhone-alpes.org\/index.php\/nos-engagements\/egalite-hommes-femmes\/","url":"https:\/\/unsa-ferroviaire-rhone-alpes.org\/index.php\/nos-engagements\/egalite-hommes-femmes\/","name":"Egalit\u00e9 femmes - hommes - UNSA Ferroviaire Rh\u00f4ne Alpes","isPartOf":{"@id":"https:\/\/unsa-ferroviaire-rhone-alpes.org\/#website"},"primaryImageOfPage":{"@id":"https:\/\/unsa-ferroviaire-rhone-alpes.org\/index.php\/nos-engagements\/egalite-hommes-femmes\/#primaryimage"},"image":{"@id":"https:\/\/unsa-ferroviaire-rhone-alpes.org\/index.php\/nos-engagements\/egalite-hommes-femmes\/#primaryimage"},"thumbnailUrl":"https:\/\/unsa-ferroviaire-rhone-alpes.org\/wp-content\/uploads\/2024\/09\/Logo-egalite-Homme-Femme-300x300.png","datePublished":"2024-10-17T12:52:24+00:00","dateModified":"2026-04-16T12:32:03+00:00","breadcrumb":{"@id":"https:\/\/unsa-ferroviaire-rhone-alpes.org\/index.php\/nos-engagements\/egalite-hommes-femmes\/#breadcrumb"},"inLanguage":"fr-FR","potentialAction":[{"@type":"ReadAction","target":["https:\/\/unsa-ferroviaire-rhone-alpes.org\/index.php\/nos-engagements\/egalite-hommes-femmes\/"]}]},{"@type":"ImageObject","inLanguage":"fr-FR","@id":"https:\/\/unsa-ferroviaire-rhone-alpes.org\/index.php\/nos-engagements\/egalite-hommes-femmes\/#primaryimage","url":"https:\/\/unsa-ferroviaire-rhone-alpes.org\/wp-content\/uploads\/2024\/09\/Logo-egalite-Homme-Femme.png","contentUrl":"https:\/\/unsa-ferroviaire-rhone-alpes.org\/wp-content\/uploads\/2024\/09\/Logo-egalite-Homme-Femme.png","width":1482,"height":1482},{"@type":"BreadcrumbList","@id":"https:\/\/unsa-ferroviaire-rhone-alpes.org\/index.php\/nos-engagements\/egalite-hommes-femmes\/#breadcrumb","itemListElement":[{"@type":"ListItem","position":1,"name":"Accueil","item":"https:\/\/unsa-ferroviaire-rhone-alpes.org\/"},{"@type":"ListItem","position":2,"name":"Nos engagements","item":"https:\/\/unsa-ferroviaire-rhone-alpes.org\/index.php\/nos-engagements\/"},{"@type":"ListItem","position":3,"name":"Egalit\u00e9 femmes &#8211; hommes"}]},{"@type":"WebSite","@id":"https:\/\/unsa-ferroviaire-rhone-alpes.org\/#website","url":"https:\/\/unsa-ferroviaire-rhone-alpes.org\/","name":"UNSA Ferroviaire Rh\u00f4ne Alpes","description":"Le syndicat pour tous !","publisher":{"@id":"https:\/\/unsa-ferroviaire-rhone-alpes.org\/#organization"},"potentialAction":[{"@type":"SearchAction","target":{"@type":"EntryPoint","urlTemplate":"https:\/\/unsa-ferroviaire-rhone-alpes.org\/?s={search_term_string}"},"query-input":{"@type":"PropertyValueSpecification","valueRequired":true,"valueName":"search_term_string"}}],"inLanguage":"fr-FR"},{"@type":"Organization","@id":"https:\/\/unsa-ferroviaire-rhone-alpes.org\/#organization","name":"UNSA-Ferroviaire Rh\u00f4ne-Alpes","url":"https:\/\/unsa-ferroviaire-rhone-alpes.org\/","logo":{"@type":"ImageObject","inLanguage":"fr-FR","@id":"https:\/\/unsa-ferroviaire-rhone-alpes.org\/#\/schema\/logo\/image\/","url":"https:\/\/i1.wp.com\/unsa-ferroviaire-rhone-alpes.org\/wp-content\/uploads\/2021\/06\/cropped-cropped-cropped-logo-unsa.png?fit=512%2C512&ssl=1","contentUrl":"https:\/\/i1.wp.com\/unsa-ferroviaire-rhone-alpes.org\/wp-content\/uploads\/2021\/06\/cropped-cropped-cropped-logo-unsa.png?fit=512%2C512&ssl=1","width":512,"height":512,"caption":"UNSA-Ferroviaire Rh\u00f4ne-Alpes"},"image":{"@id":"https:\/\/unsa-ferroviaire-rhone-alpes.org\/#\/schema\/logo\/image\/"},"sameAs":["https:\/\/www.facebook.com\/unsaferroviaireRA\/","https:\/\/x.com\/ra_unsaferro"]}]}},"jetpack_sharing_enabled":true,"_links":{"self":[{"href":"https:\/\/unsa-ferroviaire-rhone-alpes.org\/index.php\/wp-json\/wp\/v2\/pages\/4434","targetHints":{"allow":["GET"]}}],"collection":[{"href":"https:\/\/unsa-ferroviaire-rhone-alpes.org\/index.php\/wp-json\/wp\/v2\/pages"}],"about":[{"href":"https:\/\/unsa-ferroviaire-rhone-alpes.org\/index.php\/wp-json\/wp\/v2\/types\/page"}],"author":[{"embeddable":true,"href":"https:\/\/unsa-ferroviaire-rhone-alpes.org\/index.php\/wp-json\/wp\/v2\/users\/9"}],"replies":[{"embeddable":true,"href":"https:\/\/unsa-ferroviaire-rhone-alpes.org\/index.php\/wp-json\/wp\/v2\/comments?post=4434"}],"version-history":[{"count":58,"href":"https:\/\/unsa-ferroviaire-rhone-alpes.org\/index.php\/wp-json\/wp\/v2\/pages\/4434\/revisions"}],"predecessor-version":[{"id":10850,"href":"https:\/\/unsa-ferroviaire-rhone-alpes.org\/index.php\/wp-json\/wp\/v2\/pages\/4434\/revisions\/10850"}],"up":[{"embeddable":true,"href":"https:\/\/unsa-ferroviaire-rhone-alpes.org\/index.php\/wp-json\/wp\/v2\/pages\/4003"}],"wp:attachment":[{"href":"https:\/\/unsa-ferroviaire-rhone-alpes.org\/index.php\/wp-json\/wp\/v2\/media?parent=4434"}],"curies":[{"name":"wp","href":"https:\/\/api.w.org\/{rel}","templated":true}]}}